{"id":658,"date":"2014-04-08T21:59:49","date_gmt":"2014-04-08T19:59:49","guid":{"rendered":"http:\/\/www.karen-susan-fessel.de\/wp-content\/uploads\/2011\/04\/nur-die-besten.jpg"},"modified":"2015-01-28T08:45:48","modified_gmt":"2015-01-28T06:45:48","slug":"nur-die-besten","status":"inherit","type":"attachment","link":"http:\/\/www.karen-susan-fessel.de\/index.php\/bibliografie\/nur-die-besten\/","title":{"rendered":"Nur die Besten! (Roman, 2005)"},"author":1,"featured_media":0,"comment_status":"open","ping_status":"open","template":"","meta":[],"class_list":["post-658","attachment","type-attachment","status-inherit","hentry"],"description":{"rendered":"<p class=\"attachment\"><a href='http:\/\/www.karen-susan-fessel.de\/wp-content\/uploads\/2011\/04\/nur-die-besten.jpg'><img loading=\"lazy\" decoding=\"async\" width=\"300\" height=\"300\" src=\"http:\/\/www.karen-susan-fessel.de\/wp-content\/uploads\/2011\/04\/nur-die-besten-300x300.jpg\" class=\"attachment-medium size-medium\" alt=\"Nur die Besten! (Roman, 2005)\" srcset=\"http:\/\/www.karen-susan-fessel.de\/wp-content\/uploads\/2011\/04\/nur-die-besten-300x300.jpg 300w, http:\/\/www.karen-susan-fessel.de\/wp-content\/uploads\/2011\/04\/nur-die-besten-150x150.jpg 150w, http:\/\/www.karen-susan-fessel.de\/wp-content\/uploads\/2011\/04\/nur-die-besten.jpg 500w\" sizes=\"auto, 100vw\" \/><\/a><\/p>\n<p>Die junge Berliner Autorin Edna Linse erh\u00e4lt ein Stipendium auf Gut Gerdelmann, einem Landgut im Emsland, und trifft dort auf eine bunt zusammengew\u00fcrfelte K\u00fcnstlerschar: Da sind die K\u00fcnstlerin Andrea, die Edna nicht kalt l\u00e4sst, Marek Meister, der Maler, geplagt von niedrigem Selbstwertgef\u00fchl, Geldsorgen und Pechstr\u00e4hnen, und der sexs\u00fcchtige Jungdichter Steffen Mi\u00dffeld.<br \/>\nDie K\u00fcnstler, die der kauzige Leiter f\u00fcr die besten des Landes h\u00e4lt, konkurrieren, intrigieren, verb\u00fcnden sich, und da ist au\u00dferdem der Hunger nach Liebe. Das bunte Treiben in einem K\u00fcnstlerdorf \u2013 welch ein Thema f\u00fcr die ironisch-spitze Feder von Karen-Susan Fessel!<br \/>\nNur die Besten! war lange Zeit vergriffen und erscheint jetzt in einer Neuauflage im Querverlag.<br \/>\n8 \u20ac<\/p>\n"},"caption":{"rendered":"<p>Nur die Besten (Broschierte Ausgabe,  2005)<\/p>\n"},"alt_text":"Nur die Besten! (Roman, 2005)","media_type":"image","mime_type":"image\/jpeg","media_details":{"width":500,"height":500,"file":"2011\/04\/nur-die-besten.jpg","sizes":{"thumbnail":{"file":"nur-die-besten-150x150.jpg","width":150,"height":150,"mime_type":"image\/jpeg","source_url":"http:\/\/www.karen-susan-fessel.de\/wp-content\/uploads\/2011\/04\/nur-die-besten-150x150.jpg"},"medium":{"file":"nur-die-besten-300x300.jpg","width":300,"height":300,"mime_type":"image\/jpeg","source_url":"http:\/\/www.karen-susan-fessel.de\/wp-content\/uploads\/2011\/04\/nur-die-besten-300x300.jpg"},"post-thumbnail":{"file":"nur-die-besten-500x198.jpg","width":500,"height":198,"mime_type":"image\/jpeg","source_url":"http:\/\/www.karen-susan-fessel.de\/wp-content\/uploads\/2011\/04\/nur-die-besten-500x198.jpg"},"full":{"file":"nur-die-besten.jpg","width":500,"height":500,"mime_type":"image\/jpeg","source_url":"http:\/\/www.karen-susan-fessel.de\/wp-content\/uploads\/2011\/04\/nur-die-besten.jpg"}},"image_meta":{"aperture":0,"credit":"","camera":"","caption":"","created_timestamp":0,"copyright":"","focal_length":0,"iso":0,"shutter_speed":0,"title":""}},"post":7,"source_url":"http:\/\/www.karen-susan-fessel.de\/wp-content\/uploads\/2011\/04\/nur-die-besten.jpg","_links":{"self":[{"href":"http:\/\/www.karen-susan-fessel.de\/index.php\/wp-json\/wp\/v2\/media\/658","targetHints":{"allow":["GET"]}}],"collection":[{"href":"http:\/\/www.karen-susan-fessel.de\/index.php\/wp-json\/wp\/v2\/media"}],"about":[{"href":"http:\/\/www.karen-susan-fessel.de\/index.php\/wp-json\/wp\/v2\/types\/attachment"}],"author":[{"embeddable":true,"href":"http:\/\/www.karen-susan-fessel.de\/index.php\/wp-json\/wp\/v2\/users\/1"}],"replies":[{"embeddable":true,"href":"http:\/\/www.karen-susan-fessel.de\/index.php\/wp-json\/wp\/v2\/comments?post=658"}],"wp:attached-to":[{"embeddable":true,"post_type":"page","id":7,"href":"http:\/\/www.karen-susan-fessel.de\/index.php\/wp-json\/wp\/v2\/pages\/7"}],"curies":[{"name":"wp","href":"https:\/\/api.w.org\/{rel}","templated":true}]}}